{"id":1536,"date":"2020-04-30T13:55:31","date_gmt":"2020-04-30T13:55:31","guid":{"rendered":"https:\/\/justiceinmining.org\/?page_id=1536"},"modified":"2020-04-30T14:58:05","modified_gmt":"2020-04-30T14:58:05","slug":"home","status":"publish","type":"page","link":"https:\/\/justiceinmining.org\/es\/","title":{"rendered":"Home"},"content":{"rendered":"<div class=\"flex-grid\"><div class=\"row gutter-md\"><div class=\"flex-entry entry col col-xs-12 col-sm-6 post-5122 post type-post status-publish format-standard has-post-thumbnail category-acceso-a-la-justicia category-activism category-human-rights category-desinversion category-indigenous-peoples category-medioambiente category-pueblos-indigenas category-social-justice tag-laudato-si tag-mining-advocacy boxed column\"><a class=\"entry-image-link entry-image-before-entry alignnone\" title=\"Organizaciones y redes eclesiales piden al papa Le\u00f3n XIV incluir a las v\u00edctimas del extractivismo en el di\u00e1logo sobre la miner\u00eda\" href=\"https:\/\/justiceinmining.org\/es\/2026\/02\/05\/organizaciones-y-redes-eclesiales-piden-al-papa-leon-xiv-incluir-a-las-victimas-del-extractivismo-en-el-dialogo-sobre-la-mineria\/\"><picture><source srcset=\"https:\/\/i0.wp.com\/justiceinmining.org\/wp-content\/uploads\/2026\/02\/2.png?resize=260%2C195&ssl=1\" media=\"(max-width: 260px)\"><img loading=\"lazy\" decoding=\"async\" width=\"350\" height=\"263\" src=\"https:\/\/i0.wp.com\/justiceinmining.org\/wp-content\/uploads\/2026\/02\/2.png?resize=350%2C263&amp;ssl=1\" class=\"wp-post-image\" alt=\"\" srcset=\"https:\/\/i0.wp.com\/justiceinmining.org\/wp-content\/uploads\/2026\/02\/2.png?resize=350%2C263&amp;ssl=1 350w, https:\/\/i0.wp.com\/justiceinmining.org\/wp-content\/uploads\/2026\/02\/2.png?resize=260%2C195&amp;ssl=1 260w, https:\/\/i0.wp.com\/justiceinmining.org\/wp-content\/uploads\/2026\/02\/2.png?zoom=2&amp;resize=350%2C263&amp;ssl=1 700w\" sizes=\"auto, (max-width: 350px) 100vw, 350px\" data-attachment-id=\"5131\" data-permalink=\"https:\/\/justiceinmining.org\/es\/2026\/02\/05\/organizaciones-y-redes-eclesiales-piden-al-papa-leon-xiv-incluir-a-las-victimas-del-extractivismo-en-el-dialogo-sobre-la-mineria\/2-4\/\" data-orig-file=\"https:\/\/i0.wp.com\/justiceinmining.org\/wp-content\/uploads\/2026\/02\/2.png?fit=940%2C788&amp;ssl=1\" data-orig-size=\"940,788\" data-comments-opened=\"1\" data-image-meta=\"{&quot;aperture&quot;:&quot;0&quot;,&quot;credit&quot;:&quot;&quot;,&quot;camera&quot;:&quot;&quot;,&quot;caption&quot;:&quot;&quot;,&quot;created_timestamp&quot;:&quot;0&quot;,&quot;copyright&quot;:&quot;&quot;,&quot;focal_length&quot;:&quot;0&quot;,&quot;iso&quot;:&quot;0&quot;,&quot;shutter_speed&quot;:&quot;0&quot;,&quot;title&quot;:&quot;&quot;,&quot;orientation&quot;:&quot;0&quot;}\" data-image-title=\"2\" data-image-description=\"\" data-image-caption=\"\" data-large-file=\"https:\/\/i0.wp.com\/justiceinmining.org\/wp-content\/uploads\/2026\/02\/2.png?fit=940%2C788&amp;ssl=1\" \/><\/picture><\/a><header class=\"entry-header\"><h3 class=\"entry-title\" itemprop=\"headline\"><a href=\"https:\/\/justiceinmining.org\/es\/2026\/02\/05\/organizaciones-y-redes-eclesiales-piden-al-papa-leon-xiv-incluir-a-las-victimas-del-extractivismo-en-el-dialogo-sobre-la-mineria\/\" title=\"Organizaciones y redes eclesiales piden al papa Le\u00f3n XIV incluir a las v\u00edctimas del extractivismo en el di\u00e1logo sobre la miner\u00eda\">Organizaciones y redes eclesiales piden al papa Le\u00f3n XIV incluir a las v\u00edctimas del extractivismo en el di\u00e1logo sobre la miner\u00eda<\/a><\/h3><\/header><div class=\"entry-content\" itemprop=\"text\"><p>5.02.2026.- Desde la Red Justicia en Miner\u00eda, perteneciente a la Global Ignatian Advocacy Network (GIAN), nos hemos adherido a la \u201cCARTA ABIERTA por una Iglesia Samaritana: Que se escuche el grito de los pobres y de la Tierra\u201d lanzada por la Red Iglesias y Miner\u00eda el pasado 25 de enero, y apoyada inicialmente por la &hellip;<\/p>\n<p class=\"more-link-wrap\"><a class=\"more-link\" href=\"https:\/\/justiceinmining.org\/es\/2026\/02\/05\/organizaciones-y-redes-eclesiales-piden-al-papa-leon-xiv-incluir-a-las-victimas-del-extractivismo-en-el-dialogo-sobre-la-mineria\/\"><span class=\"screen-reader-text\">Organizaciones y redes eclesiales piden al papa Le\u00f3n XIV incluir a las v\u00edctimas del extractivismo en el di\u00e1logo sobre la miner\u00eda<\/span>Read More<\/a><\/p><\/div><\/div><div class=\"flex-entry entry col col-xs-12 col-sm-6 post-5050 post type-post status-publish format-standard has-post-thumbnail category-about-justice-in-mining category-activism category-climate-change category-defensores-y-defensoras category-medioambiente tag-laudato-si tag-mining-advocacy boxed column\"><a class=\"entry-image-link entry-image-before-entry alignnone\" title=\"Termina 2025: Un a\u00f1o de transiciones y esperanza\" href=\"https:\/\/justiceinmining.org\/es\/2026\/01\/01\/termina-2025-un-ano-de-transiciones-y-esperanza\/\"><picture><source srcset=\"https:\/\/i0.wp.com\/justiceinmining.org\/wp-content\/uploads\/2026\/01\/Roberto-Jaramillo-SJ-1.jpg?resize=260%2C195&ssl=1\" media=\"(max-width: 260px)\"><img loading=\"lazy\" decoding=\"async\" width=\"350\" height=\"263\" src=\"https:\/\/i0.wp.com\/justiceinmining.org\/wp-content\/uploads\/2026\/01\/Roberto-Jaramillo-SJ-1.jpg?resize=350%2C263&amp;ssl=1\" class=\"wp-post-image\" alt=\"\" srcset=\"https:\/\/i0.wp.com\/justiceinmining.org\/wp-content\/uploads\/2026\/01\/Roberto-Jaramillo-SJ-1.jpg?resize=350%2C263&amp;ssl=1 350w, https:\/\/i0.wp.com\/justiceinmining.org\/wp-content\/uploads\/2026\/01\/Roberto-Jaramillo-SJ-1.jpg?resize=260%2C195&amp;ssl=1 260w, https:\/\/i0.wp.com\/justiceinmining.org\/wp-content\/uploads\/2026\/01\/Roberto-Jaramillo-SJ-1.jpg?zoom=2&amp;resize=350%2C263&amp;ssl=1 700w, https:\/\/i0.wp.com\/justiceinmining.org\/wp-content\/uploads\/2026\/01\/Roberto-Jaramillo-SJ-1.jpg?zoom=3&amp;resize=350%2C263&amp;ssl=1 1050w\" sizes=\"auto, (max-width: 350px) 100vw, 350px\" data-attachment-id=\"5058\" data-permalink=\"https:\/\/justiceinmining.org\/es\/2026\/01\/01\/termina-2025-un-ano-de-transiciones-y-esperanza\/roberto-jaramillo-sj-1\/\" data-orig-file=\"https:\/\/i0.wp.com\/justiceinmining.org\/wp-content\/uploads\/2026\/01\/Roberto-Jaramillo-SJ-1.jpg?fit=1200%2C1600&amp;ssl=1\" data-orig-size=\"1200,1600\" data-comments-opened=\"1\" data-image-meta=\"{&quot;aperture&quot;:&quot;0&quot;,&quot;credit&quot;:&quot;&quot;,&quot;camera&quot;:&quot;&quot;,&quot;caption&quot;:&quot;&quot;,&quot;created_timestamp&quot;:&quot;1763208737&quot;,&quot;copyright&quot;:&quot;&quot;,&quot;focal_length&quot;:&quot;0&quot;,&quot;iso&quot;:&quot;0&quot;,&quot;shutter_speed&quot;:&quot;0&quot;,&quot;title&quot;:&quot;&quot;,&quot;orientation&quot;:&quot;0&quot;}\" data-image-title=\"Roberto Jaramillo SJ 1\" data-image-description=\"\" data-image-caption=\"\" data-large-file=\"https:\/\/i0.wp.com\/justiceinmining.org\/wp-content\/uploads\/2026\/01\/Roberto-Jaramillo-SJ-1.jpg?fit=768%2C1024&amp;ssl=1\" \/><\/picture><\/a><header class=\"entry-header\"><h3 class=\"entry-title\" itemprop=\"headline\"><a href=\"https:\/\/justiceinmining.org\/es\/2026\/01\/01\/termina-2025-un-ano-de-transiciones-y-esperanza\/\" title=\"Termina 2025: Un a\u00f1o de transiciones y esperanza\">Termina 2025: Un a\u00f1o de transiciones y esperanza<\/a><\/h3><\/header><div class=\"entry-content\" itemprop=\"text\"><p>31.12.2025.- Para la red Justicia en Miner\u00eda este a\u00f1o 2025 ha sido un a\u00f1o de transiciones y peque\u00f1os avances que invitan a mantener la esperanza. Una esperanza m\u00e1s necesaria que nunca en un mundo marcado por la creciente polarizaci\u00f3n pol\u00edtica, la vuelta de la geopol\u00edtica, el negacionismo clim\u00e1tico y los discursos de odio hacia los &hellip;<\/p>\n<p class=\"more-link-wrap\"><a class=\"more-link\" href=\"https:\/\/justiceinmining.org\/es\/2026\/01\/01\/termina-2025-un-ano-de-transiciones-y-esperanza\/\"><span class=\"screen-reader-text\">Termina 2025: Un a\u00f1o de transiciones y esperanza<\/span>Read More<\/a><\/p><\/div><\/div><div class=\"flex-entry entry col col-xs-12 col-sm-6 post-4932 post type-post status-publish format-standard has-post-thumbnail category-activism category-defensores-y-defensoras category-human-rights category-desinversion category-medioambiente tag-laudato-si tag-mining-advocacy boxed column\"><a class=\"entry-image-link entry-image-before-entry alignnone\" title=\"Nuevo lanzamiento &#8211; Aproximaciones cat\u00f3licas a la miner\u00eda: un marco para la reflexi\u00f3n, la planificaci\u00f3n y la acci\u00f3n\" href=\"https:\/\/justiceinmining.org\/es\/2025\/10\/16\/nuevo-lanzamiento-aproximaciones-catolicas-sobre-la-mineria-un-marco-para-la-reflexion-la-planificacion-y-la-accion\/\"><picture><source srcset=\"https:\/\/i0.wp.com\/justiceinmining.org\/wp-content\/uploads\/2025\/10\/2-1.png?resize=260%2C195&ssl=1\" media=\"(max-width: 260px)\"><img loading=\"lazy\" decoding=\"async\" width=\"350\" height=\"263\" src=\"https:\/\/i0.wp.com\/justiceinmining.org\/wp-content\/uploads\/2025\/10\/2-1.png?resize=350%2C263&amp;ssl=1\" class=\"wp-post-image\" alt=\"\" srcset=\"https:\/\/i0.wp.com\/justiceinmining.org\/wp-content\/uploads\/2025\/10\/2-1.png?resize=350%2C263&amp;ssl=1 350w, https:\/\/i0.wp.com\/justiceinmining.org\/wp-content\/uploads\/2025\/10\/2-1.png?resize=260%2C195&amp;ssl=1 260w, https:\/\/i0.wp.com\/justiceinmining.org\/wp-content\/uploads\/2025\/10\/2-1.png?zoom=2&amp;resize=350%2C263&amp;ssl=1 700w, https:\/\/i0.wp.com\/justiceinmining.org\/wp-content\/uploads\/2025\/10\/2-1.png?zoom=3&amp;resize=350%2C263&amp;ssl=1 1050w\" sizes=\"auto, (max-width: 350px) 100vw, 350px\" data-attachment-id=\"4946\" data-permalink=\"https:\/\/justiceinmining.org\/es\/2025\/10\/16\/nuevo-lanzamiento-aproximaciones-catolicas-sobre-la-mineria-un-marco-para-la-reflexion-la-planificacion-y-la-accion\/2-3\/\" data-orig-file=\"https:\/\/i0.wp.com\/justiceinmining.org\/wp-content\/uploads\/2025\/10\/2-1.png?fit=1080%2C1080&amp;ssl=1\" data-orig-size=\"1080,1080\" data-comments-opened=\"1\" data-image-meta=\"{&quot;aperture&quot;:&quot;0&quot;,&quot;credit&quot;:&quot;&quot;,&quot;camera&quot;:&quot;&quot;,&quot;caption&quot;:&quot;&quot;,&quot;created_timestamp&quot;:&quot;0&quot;,&quot;copyright&quot;:&quot;&quot;,&quot;focal_length&quot;:&quot;0&quot;,&quot;iso&quot;:&quot;0&quot;,&quot;shutter_speed&quot;:&quot;0&quot;,&quot;title&quot;:&quot;&quot;,&quot;orientation&quot;:&quot;0&quot;}\" data-image-title=\"2\" data-image-description=\"\" data-image-caption=\"\" data-large-file=\"https:\/\/i0.wp.com\/justiceinmining.org\/wp-content\/uploads\/2025\/10\/2-1.png?fit=1024%2C1024&amp;ssl=1\" \/><\/picture><\/a><header class=\"entry-header\"><h3 class=\"entry-title\" itemprop=\"headline\"><a href=\"https:\/\/justiceinmining.org\/es\/2025\/10\/16\/nuevo-lanzamiento-aproximaciones-catolicas-sobre-la-mineria-un-marco-para-la-reflexion-la-planificacion-y-la-accion\/\" title=\"Nuevo lanzamiento &#8211; Aproximaciones cat\u00f3licas a la miner\u00eda: un marco para la reflexi\u00f3n, la planificaci\u00f3n y la acci\u00f3n\">Nuevo lanzamiento &#8211; Aproximaciones cat\u00f3licas a la miner\u00eda: un marco para la reflexi\u00f3n, la planificaci\u00f3n y la acci\u00f3n<\/a><\/h3><\/header><div class=\"entry-content\" itemprop=\"text\"><p>16.10.2025.- Nos complace invitarles al lanzamiento del nuevo documento Aproximaciones Cat\u00f3licas a la Miner\u00eda: un marco de reflexi\u00f3n, planificaci\u00f3n y acci\u00f3n. Un documento\u00a0 pensado para aquellas comunidades cat\u00f3licas, di\u00f3cesis y organizaciones sociales que se enfrentan a los desaf\u00edos \u00e9ticos, sociales y ecol\u00f3gicos vinculados a la miner\u00eda. Elaborado por S\u00e9verine Deneulin (Laudato Si\u2019 Research Institute, Oxford) &hellip;<\/p>\n<p class=\"more-link-wrap\"><a class=\"more-link\" href=\"https:\/\/justiceinmining.org\/es\/2025\/10\/16\/nuevo-lanzamiento-aproximaciones-catolicas-sobre-la-mineria-un-marco-para-la-reflexion-la-planificacion-y-la-accion\/\"><span class=\"screen-reader-text\">Nuevo lanzamiento &#8211; Aproximaciones cat\u00f3licas a la miner\u00eda: un marco para la reflexi\u00f3n, la planificaci\u00f3n y la acci\u00f3n<\/span>Read More<\/a><\/p><\/div><\/div><div class=\"flex-entry entry col col-xs-12 col-sm-6 post-4875 post type-post status-publish format-standard has-post-thumbnail category-sin-categorizar boxed column\"><a class=\"entry-image-link entry-image-before-entry alignnone\" title=\"Manifiesto por la ecolog\u00eda integral:\u00a0  Un llamado prof\u00e9tico de la Iglesia brasile\u00f1a\" href=\"https:\/\/justiceinmining.org\/es\/2025\/09\/12\/manifiesto-por-la-ecologia-integral-un-llamado-profetico-de-la-iglesia-brasilena\/\"><picture><source srcset=\"https:\/\/i0.wp.com\/justiceinmining.org\/wp-content\/uploads\/2025\/09\/Captura-de-pantalla-2025-09-12-105208.png?resize=260%2C195&ssl=1\" media=\"(max-width: 260px)\"><img loading=\"lazy\" decoding=\"async\" width=\"350\" height=\"263\" src=\"https:\/\/i0.wp.com\/justiceinmining.org\/wp-content\/uploads\/2025\/09\/Captura-de-pantalla-2025-09-12-105208.png?resize=350%2C263&amp;ssl=1\" class=\"wp-post-image\" alt=\"\" srcset=\"https:\/\/i0.wp.com\/justiceinmining.org\/wp-content\/uploads\/2025\/09\/Captura-de-pantalla-2025-09-12-105208.png?resize=350%2C263&amp;ssl=1 350w, https:\/\/i0.wp.com\/justiceinmining.org\/wp-content\/uploads\/2025\/09\/Captura-de-pantalla-2025-09-12-105208.png?resize=260%2C195&amp;ssl=1 260w, https:\/\/i0.wp.com\/justiceinmining.org\/wp-content\/uploads\/2025\/09\/Captura-de-pantalla-2025-09-12-105208.png?zoom=2&amp;resize=350%2C263&amp;ssl=1 700w\" sizes=\"auto, (max-width: 350px) 100vw, 350px\" data-attachment-id=\"4863\" data-permalink=\"https:\/\/justiceinmining.org\/es\/?attachment_id=4863\" data-orig-file=\"https:\/\/i0.wp.com\/justiceinmining.org\/wp-content\/uploads\/2025\/09\/Captura-de-pantalla-2025-09-12-105208.png?fit=843%2C747&amp;ssl=1\" data-orig-size=\"843,747\" data-comments-opened=\"1\" data-image-meta=\"{&quot;aperture&quot;:&quot;0&quot;,&quot;credit&quot;:&quot;&quot;,&quot;camera&quot;:&quot;&quot;,&quot;caption&quot;:&quot;&quot;,&quot;created_timestamp&quot;:&quot;0&quot;,&quot;copyright&quot;:&quot;&quot;,&quot;focal_length&quot;:&quot;0&quot;,&quot;iso&quot;:&quot;0&quot;,&quot;shutter_speed&quot;:&quot;0&quot;,&quot;title&quot;:&quot;&quot;,&quot;orientation&quot;:&quot;0&quot;}\" data-image-title=\"Captura de pantalla 2025-09-12 105208\" data-image-description=\"\" data-image-caption=\"\" data-large-file=\"https:\/\/i0.wp.com\/justiceinmining.org\/wp-content\/uploads\/2025\/09\/Captura-de-pantalla-2025-09-12-105208.png?fit=843%2C747&amp;ssl=1\" \/><\/picture><\/a><header class=\"entry-header\"><h3 class=\"entry-title\" itemprop=\"headline\"><a href=\"https:\/\/justiceinmining.org\/es\/2025\/09\/12\/manifiesto-por-la-ecologia-integral-un-llamado-profetico-de-la-iglesia-brasilena\/\" title=\"Manifiesto por la ecolog\u00eda integral:\u00a0  Un llamado prof\u00e9tico de la Iglesia brasile\u00f1a\">Manifiesto por la ecolog\u00eda integral:\u00a0  Un llamado prof\u00e9tico de la Iglesia brasile\u00f1a<\/a><\/h3><\/header><div class=\"entry-content\" itemprop=\"text\"><p>12.09.25.- En el Tiempo de la Creaci\u00f3n de este A\u00f1o Jubilar, en el que estamos llamados a ser Peregrinos de la Esperanza, una voz valiente resuena desde Brasi. La Comisi\u00f3n de Ecolog\u00eda Integral y Miner\u00eda de la Conferencia Nacional de Obispos de Brasil (CNBB) ha publicado recientemente un contundente documento: el \u00abManifiesto por una Ecolog\u00eda &hellip;<\/p>\n<p class=\"more-link-wrap\"><a class=\"more-link\" href=\"https:\/\/justiceinmining.org\/es\/2025\/09\/12\/manifiesto-por-la-ecologia-integral-un-llamado-profetico-de-la-iglesia-brasilena\/\"><span class=\"screen-reader-text\">Manifiesto por la ecolog\u00eda integral:\u00a0  Un llamado prof\u00e9tico de la Iglesia brasile\u00f1a<\/span>Read More<\/a><\/p><\/div><\/div><div class=\"flex-entry entry col col-xs-12 col-sm-6 post-4759 post type-post status-publish format-standard has-post-thumbnail category-acceso-a-la-justicia category-activism-es category-defensores-y-defensoras category-ignatian-spirituality-es category-indigenous-peoples-es category-laudato-si-es category-medioambiente category-mining-advocacy-es category-pueblos-indigenas category-universal-apostolic-preferences-es boxed column\"><a class=\"entry-image-link entry-image-before-entry alignnone\" title=\"Nuevo lanzamiento: Orientaciones pastorales frente a los Impactos de la Miner\u00eda\" href=\"https:\/\/justiceinmining.org\/es\/2025\/07\/15\/nuevo-lanzamiento-orientaciones-pastorales-frente-a-los-impactos-de-la-mineria\/\"><picture><source srcset=\"https:\/\/i0.wp.com\/justiceinmining.org\/wp-content\/uploads\/2025\/07\/cq5dam.thumbnail.cropped.750.422.jpeg?resize=260%2C195&ssl=1\" media=\"(max-width: 260px)\"><img loading=\"lazy\" decoding=\"async\" width=\"350\" height=\"263\" src=\"https:\/\/i0.wp.com\/justiceinmining.org\/wp-content\/uploads\/2025\/07\/cq5dam.thumbnail.cropped.750.422.jpeg?resize=350%2C263&amp;ssl=1\" class=\"wp-post-image\" alt=\"\" srcset=\"https:\/\/i0.wp.com\/justiceinmining.org\/wp-content\/uploads\/2025\/07\/cq5dam.thumbnail.cropped.750.422.jpeg?resize=350%2C263&amp;ssl=1 350w, https:\/\/i0.wp.com\/justiceinmining.org\/wp-content\/uploads\/2025\/07\/cq5dam.thumbnail.cropped.750.422.jpeg?resize=260%2C195&amp;ssl=1 260w, https:\/\/i0.wp.com\/justiceinmining.org\/wp-content\/uploads\/2025\/07\/cq5dam.thumbnail.cropped.750.422.jpeg?zoom=2&amp;resize=350%2C263&amp;ssl=1 700w\" sizes=\"auto, (max-width: 350px) 100vw, 350px\" data-attachment-id=\"4770\" data-permalink=\"https:\/\/justiceinmining.org\/es\/2025\/07\/15\/nuevo-lanzamiento-orientaciones-pastorales-frente-a-los-impactos-de-la-mineria\/cq5dam-thumbnail-cropped-750-422\/\" data-orig-file=\"https:\/\/i0.wp.com\/justiceinmining.org\/wp-content\/uploads\/2025\/07\/cq5dam.thumbnail.cropped.750.422.jpeg?fit=750%2C422&amp;ssl=1\" data-orig-size=\"750,422\" data-comments-opened=\"1\" data-image-meta=\"{&quot;aperture&quot;:&quot;0&quot;,&quot;credit&quot;:&quot;&quot;,&quot;camera&quot;:&quot;&quot;,&quot;caption&quot;:&quot;&quot;,&quot;created_timestamp&quot;:&quot;0&quot;,&quot;copyright&quot;:&quot;&quot;,&quot;focal_length&quot;:&quot;0&quot;,&quot;iso&quot;:&quot;0&quot;,&quot;shutter_speed&quot;:&quot;0&quot;,&quot;title&quot;:&quot;&quot;,&quot;orientation&quot;:&quot;0&quot;}\" data-image-title=\"cq5dam.thumbnail.cropped.750.422\" data-image-description=\"\" data-image-caption=\"\" data-large-file=\"https:\/\/i0.wp.com\/justiceinmining.org\/wp-content\/uploads\/2025\/07\/cq5dam.thumbnail.cropped.750.422.jpeg?fit=750%2C422&amp;ssl=1\" \/><\/picture><\/a><header class=\"entry-header\"><h3 class=\"entry-title\" itemprop=\"headline\"><a href=\"https:\/\/justiceinmining.org\/es\/2025\/07\/15\/nuevo-lanzamiento-orientaciones-pastorales-frente-a-los-impactos-de-la-mineria\/\" title=\"Nuevo lanzamiento: Orientaciones pastorales frente a los Impactos de la Miner\u00eda\">Nuevo lanzamiento: Orientaciones pastorales frente a los Impactos de la Miner\u00eda<\/a><\/h3><\/header><div class=\"entry-content\" itemprop=\"text\"><p>15.07.2025.- Desde la red ignaciana Justicia en la Miner\u00eda compartimos con profunda alegr\u00eda el pr\u00f3ximo lanzamiento del documento Orientaciones pastorales de las Iglesias Cat\u00f3licas ante los impactos de la miner\u00eda, que marca un hito en la defensa de la vida y la dignidad en los territorios afectados por la miner\u00eda.\u00a0 Esta publicaci\u00f3n es el resultado &hellip;<\/p>\n<p class=\"more-link-wrap\"><a class=\"more-link\" href=\"https:\/\/justiceinmining.org\/es\/2025\/07\/15\/nuevo-lanzamiento-orientaciones-pastorales-frente-a-los-impactos-de-la-mineria\/\"><span class=\"screen-reader-text\">Nuevo lanzamiento: Orientaciones pastorales frente a los Impactos de la Miner\u00eda<\/span>Read More<\/a><\/p><\/div><\/div><div class=\"flex-entry entry col col-xs-12 col-sm-6 post-4728 post type-post status-publish format-standard has-post-thumbnail category-cambio-climatico category-derechos-humanos category-desinversion category-indigenous-peoples-es category-laudato-si-es category-medioambiente boxed column\"><a class=\"entry-image-link entry-image-before-entry alignnone\" title=\"COP30: Las Iglesias del Sur Global denuncian las \u201cfalsas soluciones\u201d a la crisis clim\u00e1tica\" href=\"https:\/\/justiceinmining.org\/es\/2025\/07\/04\/cop30-las-iglesias-del-sur-global-denuncian-las-falsas-soluciones-a-la-crisis-climatica\/\"><picture><source srcset=\"https:\/\/i0.wp.com\/justiceinmining.org\/wp-content\/uploads\/2025\/07\/COP-30.png?resize=260%2C195&ssl=1\" media=\"(max-width: 260px)\"><img loading=\"lazy\" decoding=\"async\" width=\"350\" height=\"263\" src=\"https:\/\/i0.wp.com\/justiceinmining.org\/wp-content\/uploads\/2025\/07\/COP-30.png?resize=350%2C263&amp;ssl=1\" class=\"wp-post-image\" alt=\"\" srcset=\"https:\/\/i0.wp.com\/justiceinmining.org\/wp-content\/uploads\/2025\/07\/COP-30.png?resize=350%2C263&amp;ssl=1 350w, https:\/\/i0.wp.com\/justiceinmining.org\/wp-content\/uploads\/2025\/07\/COP-30.png?resize=260%2C195&amp;ssl=1 260w, https:\/\/i0.wp.com\/justiceinmining.org\/wp-content\/uploads\/2025\/07\/COP-30.png?zoom=2&amp;resize=350%2C263&amp;ssl=1 700w\" sizes=\"auto, (max-width: 350px) 100vw, 350px\" data-attachment-id=\"4732\" data-permalink=\"https:\/\/justiceinmining.org\/es\/2025\/07\/04\/cop30-las-iglesias-del-sur-global-denuncian-las-falsas-soluciones-a-la-crisis-climatica\/cop-30\/\" data-orig-file=\"https:\/\/i0.wp.com\/justiceinmining.org\/wp-content\/uploads\/2025\/07\/COP-30.png?fit=940%2C788&amp;ssl=1\" data-orig-size=\"940,788\" data-comments-opened=\"1\" data-image-meta=\"{&quot;aperture&quot;:&quot;0&quot;,&quot;credit&quot;:&quot;&quot;,&quot;camera&quot;:&quot;&quot;,&quot;caption&quot;:&quot;&quot;,&quot;created_timestamp&quot;:&quot;0&quot;,&quot;copyright&quot;:&quot;&quot;,&quot;focal_length&quot;:&quot;0&quot;,&quot;iso&quot;:&quot;0&quot;,&quot;shutter_speed&quot;:&quot;0&quot;,&quot;title&quot;:&quot;&quot;,&quot;orientation&quot;:&quot;0&quot;}\" data-image-title=\"COP 30\" data-image-description=\"\" data-image-caption=\"\" data-large-file=\"https:\/\/i0.wp.com\/justiceinmining.org\/wp-content\/uploads\/2025\/07\/COP-30.png?fit=940%2C788&amp;ssl=1\" \/><\/picture><\/a><header class=\"entry-header\"><h3 class=\"entry-title\" itemprop=\"headline\"><a href=\"https:\/\/justiceinmining.org\/es\/2025\/07\/04\/cop30-las-iglesias-del-sur-global-denuncian-las-falsas-soluciones-a-la-crisis-climatica\/\" title=\"COP30: Las Iglesias del Sur Global denuncian las \u201cfalsas soluciones\u201d a la crisis clim\u00e1tica\">COP30: Las Iglesias del Sur Global denuncian las \u201cfalsas soluciones\u201d a la crisis clim\u00e1tica<\/a><\/h3><\/header><div class=\"entry-content\" itemprop=\"text\"><p>04.07.2025.- El pr\u00f3ximo 10 de noviembre dar\u00e1 comienzo la trig\u00e9sima Conferencia de las Partes firmantes de la Convenci\u00f3n Marco de las Naciones Unidas sobre el Cambio Clim\u00e1tico (CMNUCC) en Bel\u00e9m do Par\u00e1 (Brasil). La expectaci\u00f3n ante esta cita es m\u00e1xima. No s\u00f3lo entre la comunidad de especialistas en cambio clim\u00e1tico, sino tambi\u00e9n entre las organizaciones &hellip;<\/p>\n<p class=\"more-link-wrap\"><a class=\"more-link\" href=\"https:\/\/justiceinmining.org\/es\/2025\/07\/04\/cop30-las-iglesias-del-sur-global-denuncian-las-falsas-soluciones-a-la-crisis-climatica\/\"><span class=\"screen-reader-text\">COP30: Las Iglesias del Sur Global denuncian las \u201cfalsas soluciones\u201d a la crisis clim\u00e1tica<\/span>Read More<\/a><\/p><\/div><\/div><div class=\"flex-entry entry col col-xs-12 col-sm-6 post-4637 post type-post status-publish format-standard has-post-thumbnail category-activism-es category-derechos-humanos category-indigenous-peoples-es category-mining-advocacy-es category-pueblos-indigenas boxed column\"><a class=\"entry-image-link entry-image-before-entry alignnone\" title=\"PR\u00d3XIMO EVENTO: La extracci\u00f3n de minerales cr\u00edticos y el acaparamiento de tierras desde la perspectiva de los pueblos ind\u00edgenas\" href=\"https:\/\/justiceinmining.org\/es\/2025\/04\/24\/proximo-evento-la-extraccion-de-minerales-criticos-y-el-acaparamiento-de-tierras-desde-la-perspectiva-de-los-pueblos-indigenas\/\"><picture><source srcset=\"https:\/\/i0.wp.com\/justiceinmining.org\/wp-content\/uploads\/2025\/04\/Minining.png?resize=260%2C195&ssl=1\" media=\"(max-width: 260px)\"><img loading=\"lazy\" decoding=\"async\" width=\"350\" height=\"263\" src=\"https:\/\/i0.wp.com\/justiceinmining.org\/wp-content\/uploads\/2025\/04\/Minining.png?resize=350%2C263&amp;ssl=1\" class=\"wp-post-image\" alt=\"\" srcset=\"https:\/\/i0.wp.com\/justiceinmining.org\/wp-content\/uploads\/2025\/04\/Minining.png?resize=350%2C263&amp;ssl=1 350w, https:\/\/i0.wp.com\/justiceinmining.org\/wp-content\/uploads\/2025\/04\/Minining.png?resize=260%2C195&amp;ssl=1 260w, https:\/\/i0.wp.com\/justiceinmining.org\/wp-content\/uploads\/2025\/04\/Minining.png?zoom=2&amp;resize=350%2C263&amp;ssl=1 700w, https:\/\/i0.wp.com\/justiceinmining.org\/wp-content\/uploads\/2025\/04\/Minining.png?zoom=3&amp;resize=350%2C263&amp;ssl=1 1050w\" sizes=\"auto, (max-width: 350px) 100vw, 350px\" data-attachment-id=\"4634\" data-permalink=\"https:\/\/justiceinmining.org\/es\/minining-2\/\" data-orig-file=\"https:\/\/i0.wp.com\/justiceinmining.org\/wp-content\/uploads\/2025\/04\/Minining.png?fit=2838%2C1891&amp;ssl=1\" data-orig-size=\"2838,1891\" data-comments-opened=\"1\" data-image-meta=\"{&quot;aperture&quot;:&quot;0&quot;,&quot;credit&quot;:&quot;&quot;,&quot;camera&quot;:&quot;&quot;,&quot;caption&quot;:&quot;&quot;,&quot;created_timestamp&quot;:&quot;0&quot;,&quot;copyright&quot;:&quot;&quot;,&quot;focal_length&quot;:&quot;0&quot;,&quot;iso&quot;:&quot;0&quot;,&quot;shutter_speed&quot;:&quot;0&quot;,&quot;title&quot;:&quot;&quot;,&quot;orientation&quot;:&quot;0&quot;}\" data-image-title=\"Minining\" data-image-description=\"\" data-image-caption=\"\" data-large-file=\"https:\/\/i0.wp.com\/justiceinmining.org\/wp-content\/uploads\/2025\/04\/Minining.png?fit=1024%2C682&amp;ssl=1\" \/><\/picture><\/a><header class=\"entry-header\"><h3 class=\"entry-title\" itemprop=\"headline\"><a href=\"https:\/\/justiceinmining.org\/es\/2025\/04\/24\/proximo-evento-la-extraccion-de-minerales-criticos-y-el-acaparamiento-de-tierras-desde-la-perspectiva-de-los-pueblos-indigenas\/\" title=\"PR\u00d3XIMO EVENTO: La extracci\u00f3n de minerales cr\u00edticos y el acaparamiento de tierras desde la perspectiva de los pueblos ind\u00edgenas\">PR\u00d3XIMO EVENTO: La extracci\u00f3n de minerales cr\u00edticos y el acaparamiento de tierras desde la perspectiva de los pueblos ind\u00edgenas<\/a><\/h3><\/header><div class=\"entry-content\" itemprop=\"text\"><p>24.04.2025.- Desde la Red Justicia en Miner\u00eda os invitamos a seguir en directo el evento online \u201cLa extracci\u00f3n de minerales cr\u00edticos y el acaparamiento de tierras desde la perspectiva de los pueblos ind\u00edgenas\u201d que tendr\u00e1 lugar en paralelo a la 24\u00aa Sesi\u00f3n del Foro Permanente para las Cuestiones Ind\u00edgenas se celebrar\u00e1 de forma presencial del &hellip;<\/p>\n<p class=\"more-link-wrap\"><a class=\"more-link\" href=\"https:\/\/justiceinmining.org\/es\/2025\/04\/24\/proximo-evento-la-extraccion-de-minerales-criticos-y-el-acaparamiento-de-tierras-desde-la-perspectiva-de-los-pueblos-indigenas\/\"><span class=\"screen-reader-text\">PR\u00d3XIMO EVENTO: La extracci\u00f3n de minerales cr\u00edticos y el acaparamiento de tierras desde la perspectiva de los pueblos ind\u00edgenas<\/span>Read More<\/a><\/p><\/div><\/div><div class=\"flex-entry entry col col-xs-12 col-sm-6 post-4622 post type-post status-publish format-standard has-post-thumbnail category-sin-categorizar boxed column\"><a class=\"entry-image-link entry-image-before-entry alignnone\" title=\"Hasta siempre, Papa Francisco: profeta de la justicia socioambiental\" href=\"https:\/\/justiceinmining.org\/es\/2025\/04\/23\/hasta-siempre-papa-francisco-profeta-de-la-justicia-socioambiental\/\"><picture><source srcset=\"https:\/\/i0.wp.com\/justiceinmining.org\/wp-content\/uploads\/2025\/04\/papa-francisco.webp?resize=260%2C195&ssl=1\" media=\"(max-width: 260px)\"><img loading=\"lazy\" decoding=\"async\" width=\"350\" height=\"263\" src=\"https:\/\/i0.wp.com\/justiceinmining.org\/wp-content\/uploads\/2025\/04\/papa-francisco.webp?resize=350%2C263&amp;ssl=1\" class=\"wp-post-image\" alt=\"\" srcset=\"https:\/\/i0.wp.com\/justiceinmining.org\/wp-content\/uploads\/2025\/04\/papa-francisco.webp?resize=350%2C263&amp;ssl=1 350w, https:\/\/i0.wp.com\/justiceinmining.org\/wp-content\/uploads\/2025\/04\/papa-francisco.webp?resize=260%2C195&amp;ssl=1 260w, https:\/\/i0.wp.com\/justiceinmining.org\/wp-content\/uploads\/2025\/04\/papa-francisco.webp?zoom=2&amp;resize=350%2C263&amp;ssl=1 700w\" sizes=\"auto, (max-width: 350px) 100vw, 350px\" data-attachment-id=\"4620\" data-permalink=\"https:\/\/justiceinmining.org\/es\/papa-francisco-2\/\" data-orig-file=\"https:\/\/i0.wp.com\/justiceinmining.org\/wp-content\/uploads\/2025\/04\/papa-francisco.webp?fit=800%2C450&amp;ssl=1\" data-orig-size=\"800,450\" data-comments-opened=\"1\" data-image-meta=\"{&quot;aperture&quot;:&quot;0&quot;,&quot;credit&quot;:&quot;&quot;,&quot;camera&quot;:&quot;&quot;,&quot;caption&quot;:&quot;&quot;,&quot;created_timestamp&quot;:&quot;0&quot;,&quot;copyright&quot;:&quot;&quot;,&quot;focal_length&quot;:&quot;0&quot;,&quot;iso&quot;:&quot;0&quot;,&quot;shutter_speed&quot;:&quot;0&quot;,&quot;title&quot;:&quot;&quot;,&quot;orientation&quot;:&quot;0&quot;}\" data-image-title=\"papa francisco\" data-image-description=\"\" data-image-caption=\"\" data-large-file=\"https:\/\/i0.wp.com\/justiceinmining.org\/wp-content\/uploads\/2025\/04\/papa-francisco.webp?fit=800%2C450&amp;ssl=1\" \/><\/picture><\/a><header class=\"entry-header\"><h3 class=\"entry-title\" itemprop=\"headline\"><a href=\"https:\/\/justiceinmining.org\/es\/2025\/04\/23\/hasta-siempre-papa-francisco-profeta-de-la-justicia-socioambiental\/\" title=\"Hasta siempre, Papa Francisco: profeta de la justicia socioambiental\">Hasta siempre, Papa Francisco: profeta de la justicia socioambiental<\/a><\/h3><\/header><div class=\"entry-content\" itemprop=\"text\"><p>23.04.2025.-Con profundo pesar, desde la red Justicia en Miner\u00eda, nos unimos al dolor de la Iglesia universal por el fallecimiento del Papa Francisco. Su partida nos deja una herencia prof\u00e9tica que ha marcado un antes y un despu\u00e9s en nuestra manera de vivir la fe, de asumir la justicia como camino evang\u00e9lico y de comprometernos &hellip;<\/p>\n<p class=\"more-link-wrap\"><a class=\"more-link\" href=\"https:\/\/justiceinmining.org\/es\/2025\/04\/23\/hasta-siempre-papa-francisco-profeta-de-la-justicia-socioambiental\/\"><span class=\"screen-reader-text\">Hasta siempre, Papa Francisco: profeta de la justicia socioambiental<\/span>Read More<\/a><\/p><\/div><\/div><div class=\"flex-entry entry col col-xs-12 col-sm-6 post-4392 post type-post status-publish format-standard has-post-thumbnail category-acceso-a-la-justicia category-activism-es category-defensores-y-defensoras category-eventos-jesuitas category-ignatian-spirituality-es category-indigenous-peoples-es category-jesuit-events-es category-medioambiente category-pueblos-indigenas category-universal-apostolic-preferences-es boxed column\"><a class=\"entry-image-link entry-image-before-entry alignnone\" title=\"Nuevo lanzamiento Informe \u00abExtractivismo, Mujeres y Resistencia\u00bb de la Red de Solidaridad y Apostolado Ind\u00edgena (RSAI)\" href=\"https:\/\/justiceinmining.org\/es\/2024\/11\/11\/nuevo-lanzamiento-informe-extractivismo-mujeres-y-resistencia-de-la-red-de-solidaridad-y-apostolado-indigena-rsai\/\"><picture><source srcset=\"https:\/\/i0.wp.com\/justiceinmining.org\/wp-content\/uploads\/2024\/11\/RSAI.jpg?resize=260%2C195&ssl=1\" media=\"(max-width: 260px)\"><img loading=\"lazy\" decoding=\"async\" width=\"350\" height=\"263\" src=\"https:\/\/i0.wp.com\/justiceinmining.org\/wp-content\/uploads\/2024\/11\/RSAI.jpg?resize=350%2C263&amp;ssl=1\" class=\"wp-post-image\" alt=\"\" srcset=\"https:\/\/i0.wp.com\/justiceinmining.org\/wp-content\/uploads\/2024\/11\/RSAI.jpg?resize=350%2C263&amp;ssl=1 350w, https:\/\/i0.wp.com\/justiceinmining.org\/wp-content\/uploads\/2024\/11\/RSAI.jpg?resize=260%2C195&amp;ssl=1 260w, https:\/\/i0.wp.com\/justiceinmining.org\/wp-content\/uploads\/2024\/11\/RSAI.jpg?zoom=2&amp;resize=350%2C263&amp;ssl=1 700w\" sizes=\"auto, (max-width: 350px) 100vw, 350px\" data-attachment-id=\"4394\" data-permalink=\"https:\/\/justiceinmining.org\/es\/2024\/11\/11\/nuevo-lanzamiento-informe-extractivismo-mujeres-y-resistencia-de-la-red-de-solidaridad-y-apostolado-indigena-rsai\/rsai\/\" data-orig-file=\"https:\/\/i0.wp.com\/justiceinmining.org\/wp-content\/uploads\/2024\/11\/RSAI.jpg?fit=763%2C1080&amp;ssl=1\" data-orig-size=\"763,1080\" data-comments-opened=\"1\" data-image-meta=\"{&quot;aperture&quot;:&quot;0&quot;,&quot;credit&quot;:&quot;&quot;,&quot;camera&quot;:&quot;&quot;,&quot;caption&quot;:&quot;&quot;,&quot;created_timestamp&quot;:&quot;0&quot;,&quot;copyright&quot;:&quot;&quot;,&quot;focal_length&quot;:&quot;0&quot;,&quot;iso&quot;:&quot;0&quot;,&quot;shutter_speed&quot;:&quot;0&quot;,&quot;title&quot;:&quot;&quot;,&quot;orientation&quot;:&quot;0&quot;}\" data-image-title=\"RSAI\" data-image-description=\"\" data-image-caption=\"\" data-large-file=\"https:\/\/i0.wp.com\/justiceinmining.org\/wp-content\/uploads\/2024\/11\/RSAI.jpg?fit=723%2C1024&amp;ssl=1\" \/><\/picture><\/a><header class=\"entry-header\"><h3 class=\"entry-title\" itemprop=\"headline\"><a href=\"https:\/\/justiceinmining.org\/es\/2024\/11\/11\/nuevo-lanzamiento-informe-extractivismo-mujeres-y-resistencia-de-la-red-de-solidaridad-y-apostolado-indigena-rsai\/\" title=\"Nuevo lanzamiento Informe \u00abExtractivismo, Mujeres y Resistencia\u00bb de la Red de Solidaridad y Apostolado Ind\u00edgena (RSAI)\">Nuevo lanzamiento Informe \u00abExtractivismo, Mujeres y Resistencia\u00bb de la Red de Solidaridad y Apostolado Ind\u00edgena (RSAI)<\/a><\/h3><\/header><div class=\"entry-content\" itemprop=\"text\"><p>11.11.2024.- El pr\u00f3ximo 19 de noviembre queremos invitarte a la presentaci\u00f3n de la investigaci\u00f3n titulada \u201cExtractivismo, mujeres y resistencia\u201d realizada en comunidades de pueblos originarios en Guatemala, Brasil y Bolivia. La investigaci\u00f3n analiza el refuerzo de las estructuras partiarcales en los contextos marcados por la extracci\u00f3n de materias primas y los retos\u00a0que enfrentan las mujeres, &hellip;<\/p>\n<p class=\"more-link-wrap\"><a class=\"more-link\" href=\"https:\/\/justiceinmining.org\/es\/2024\/11\/11\/nuevo-lanzamiento-informe-extractivismo-mujeres-y-resistencia-de-la-red-de-solidaridad-y-apostolado-indigena-rsai\/\"><span class=\"screen-reader-text\">Nuevo lanzamiento Informe \u00abExtractivismo, Mujeres y Resistencia\u00bb de la Red de Solidaridad y Apostolado Ind\u00edgena (RSAI)<\/span>Read More<\/a><\/p><\/div><\/div><\/div><\/div>\n<div class=\"su-button-center\"><a href=\"https:\/\/justiceinmining.org\/es\/actualidad\/\" class=\"su-button su-button-style-flat\" style=\"color:#FFFFFF;background-color:#f38f2d;border-color:#c37324;border-radius:0px\" target=\"_self\"><span style=\"color:#FFFFFF;padding:0px 30px;font-size:22px;line-height:44px;border-color:#f7b16c;border-radius:0px;text-shadow:none\"> M\u00e1s noticias de actualidad<\/span><\/a><\/div>\n","protected":false},"excerpt":{"rendered":"<p>Justicia en Miner\u00eda es una red global de organizaciones Jesuitas y centros sociales que, inspirada por la espiritualidad Ignaciana y la llamada de Laudato Si\u2019, busca discernir y fomentar justicia socio-medioambiental en conflictos relacionados con la miner\u00eda y el extractivismo<\/p>\n","protected":false},"author":61402780,"featured_media":0,"parent":0,"menu_order":0,"comment_status":"closed","ping_status":"closed","template":"","meta":{"_mo_disable_npp":"","_genesis_hide_title":false,"_genesis_hide_breadcrumbs":false,"_genesis_hide_singular_image":false,"_genesis_hide_footer_widgets":false,"_genesis_custom_body_class":"","_genesis_custom_post_class":"","_genesis_layout":"full-width-content","advanced_seo_description":"","jetpack_seo_html_title":"","jetpack_seo_noindex":false,"footnotes":""},"class_list":{"0":"post-1536","1":"page","2":"type-page","3":"status-publish","5":"entry","6":"has-post-thumbnail"},"jetpack_likes_enabled":true,"jetpack_sharing_enabled":true,"jetpack_shortlink":"https:\/\/wp.me\/P7CJRm-oM","amp_enabled":false,"_links":{"self":[{"href":"https:\/\/justiceinmining.org\/es\/wp-json\/wp\/v2\/pages\/1536","targetHints":{"allow":["GET"]}}],"collection":[{"href":"https:\/\/justiceinmining.org\/es\/wp-json\/wp\/v2\/pages"}],"about":[{"href":"https:\/\/justiceinmining.org\/es\/wp-json\/wp\/v2\/types\/page"}],"author":[{"embeddable":true,"href":"https:\/\/justiceinmining.org\/es\/wp-json\/wp\/v2\/users\/61402780"}],"replies":[{"embeddable":true,"href":"https:\/\/justiceinmining.org\/es\/wp-json\/wp\/v2\/comments?post=1536"}],"version-history":[{"count":4,"href":"https:\/\/justiceinmining.org\/es\/wp-json\/wp\/v2\/pages\/1536\/revisions"}],"predecessor-version":[{"id":1540,"href":"https:\/\/justiceinmining.org\/es\/wp-json\/wp\/v2\/pages\/1536\/revisions\/1540"}],"wp:attachment":[{"href":"https:\/\/justiceinmining.org\/es\/wp-json\/wp\/v2\/media?parent=1536"}],"curies":[{"name":"wp","href":"https:\/\/api.w.org\/{rel}","templated":true}]}}